{"id":30418,"date":"2012-03-21T11:40:14","date_gmt":"2012-03-21T10:40:14","guid":{"rendered":"https:\/\/inlab.fib.upc.edu\/projecte\/encuesta-de-satisfaccion-a-los-titulados-de-la-fibtitl\/"},"modified":"2024-05-06T09:20:06","modified_gmt":"2024-05-06T07:20:06","slug":"encuesta-de-satisfaccion-a-los-titulados-de-la-fibtitl","status":"publish","type":"projecte","link":"https:\/\/inlab.fib.upc.edu\/es\/projecte\/encuesta-de-satisfaccion-a-los-titulados-de-la-fibtitl","title":{"rendered":"Encuesta de satisfacci\u00f3n a los titulados de la FIBTitl"},"content":{"rendered":"","protected":false},"author":4,"featured_media":5084,"template":"","meta":{"_acf_changed":false},"experteses":[9],"tencnologies":[515,704,761,687,506,546],"class_list":["post-30418","projecte","type-projecte","status-publish","has-post-thumbnail","hentry","experteses-datascienceybigdata-es","tencnologies-java-es","tencnologies-mysql-es","tencnologies-oracle-es","tencnologies-php-es","tencnologies-postgresql-es","tencnologies-r-es"],"acf":{"minidescripcio":"La encuesta de satisfacci\u00f3n a los titulados de la FIB se hace a los tres a\u00f1os de que los estudiantes han acabado la carrera y ya est\u00e1n, en la gran mayor\u00eda de los casos, en el mundo laboral","ordre_prioritat":0,"descripcio":"La encuesta de satisfacci\u00f3n a los titulados de la FIB se hace a los tres a\u00f1os de que los estudiantes han acabado la carrera y ya est\u00e1n, en la gran mayor\u00eda de los casos, en el mundo laboral. Esta encuesta sirve para conocer la situaci\u00f3n de los titulados TIC de la UPC, su nivel de satisfacci\u00f3n, sus perspectivas de futuro e identificar aquellas competencias formativas, tanto transversales como espec\u00edficas, m\u00e1s relevantes en su tarea profesional y detectar los puntos fuertes y posibles carencias de la formaci\u00f3n que los ha ofrecido la FIB.\n\n<!--break-->\n\nEste proyecto se ha hecho gracias a la C\u00e1tedra de Empresa con la Fundaci\u00f3n Everis donde su objetivo principal es la innovaci\u00f3n y la promoci\u00f3n de los estudios y las profesiones en el \u00e1mbito de las TIC. Este es un acuerdo de tres a\u00f1os de duraci\u00f3n que permitir\u00e1 acercar la vida acad\u00e9mica de la FIB a las preocupaciones e iniciativas empresariales del sector de las tecnolog\u00edas de la informaci\u00f3n. Uno de los proyectos a desarrollar, en colaboraci\u00f3n con la inLab, es la elaboraci\u00f3n de un estudio para conocer la situaci\u00f3n de los titulados TIC de la UPC. Los resultados de este estudio se presentar\u00e1n en un acto p\u00fablico.","image":"<a href=\"https:\/\/inlab.fib.upc.edu\/wp-content\/uploads\/2012\/03\/satisfaccio-1.png\"><img class=\"size-medium wp-image-16566 alignleft\" src=\"https:\/\/inlab.fib.upc.edu\/wp-content\/uploads\/2012\/03\/satisfaccio-1-300x187.png\" alt=\"\" width=\"300\" height=\"187\" \/><\/a> <a href=\"https:\/\/inlab.fib.upc.edu\/wp-content\/uploads\/2012\/03\/estudiant.jpg\"><img class=\"size-medium wp-image-16569 alignleft\" src=\"https:\/\/inlab.fib.upc.edu\/wp-content\/uploads\/2012\/03\/estudiant-300x187.jpg\" alt=\"\" width=\"300\" height=\"187\" \/><\/a>","url":"","data_inici_pro":"20080205","data_fi_pro":"20101119","client":[19079,19090],"entitat_finan":[""],"colab":[""],"responsable":[8],"equip":[658,675,674],"escert":"0","mpi":"1","accio":0,"padih":0,"nacional":0,"participants":"","participants2":"","projecte_final":[""],"articles_presentacions":"","slideshare":""},"_links":{"self":[{"href":"https:\/\/inlab.fib.upc.edu\/es\/wp-json\/wp\/v2\/projecte\/30418","targetHints":{"allow":["GET"]}}],"collection":[{"href":"https:\/\/inlab.fib.upc.edu\/es\/wp-json\/wp\/v2\/projecte"}],"about":[{"href":"https:\/\/inlab.fib.upc.edu\/es\/wp-json\/wp\/v2\/types\/projecte"}],"author":[{"embeddable":true,"href":"https:\/\/inlab.fib.upc.edu\/es\/wp-json\/wp\/v2\/users\/4"}],"acf:user":[{"embeddable":true,"href":"https:\/\/inlab.fib.upc.edu\/es\/wp-json\/wp\/v2\/users\/674"},{"embeddable":true,"href":"https:\/\/inlab.fib.upc.edu\/es\/wp-json\/wp\/v2\/users\/675"},{"embeddable":true,"href":"https:\/\/inlab.fib.upc.edu\/es\/wp-json\/wp\/v2\/users\/658"},{"embeddable":true,"href":"https:\/\/inlab.fib.upc.edu\/es\/wp-json\/wp\/v2\/users\/8"}],"acf:post":[{"embeddable":true,"href":"https:\/\/inlab.fib.upc.edu\/es\/wp-json\/wp\/v2\/projecte\/"},{"embeddable":true,"href":"https:\/\/inlab.fib.upc.edu\/es\/wp-json\/wp\/v2\/empresa\/19090"},{"embeddable":true,"href":"https:\/\/inlab.fib.upc.edu\/es\/wp-json\/wp\/v2\/empresa\/19079"}],"wp:featuredmedia":[{"embeddable":true,"href":"https:\/\/inlab.fib.upc.edu\/es\/wp-json\/wp\/v2\/media\/5084"}],"wp:attachment":[{"href":"https:\/\/inlab.fib.upc.edu\/es\/wp-json\/wp\/v2\/media?parent=30418"}],"wp:term":[{"taxonomy":"experteses","embeddable":true,"href":"https:\/\/inlab.fib.upc.edu\/es\/wp-json\/wp\/v2\/experteses?post=30418"},{"taxonomy":"tencnologies","embeddable":true,"href":"https:\/\/inlab.fib.upc.edu\/es\/wp-json\/wp\/v2\/tencnologies?post=30418"}],"curies":[{"name":"wp","href":"https:\/\/api.w.org\/{rel}","templated":true}]}}